{"id":408,"date":"2019-11-28T19:30:46","date_gmt":"2019-11-28T18:30:46","guid":{"rendered":"https:\/\/biskupijakrk.hr\/mahnic100\/?page_id=408"},"modified":"2020-03-17T12:50:13","modified_gmt":"2020-03-17T11:50:13","slug":"fotogalerije","status":"publish","type":"page","link":"https:\/\/biskupijakrk.hr\/mahnic100\/fotogalerije\/","title":{"rendered":"Fotogalerije"},"content":{"rendered":"<p>&nbsp;<\/p>\n<p style=\"text-align: left;\"><strong><a href=\"https:\/\/biskupijakrk.hr\/mahnic100\/korizmena-hodocasca-dekanata-na-grob-sluge-bozjega-2020\/\"><img loading=\"lazy\" decoding=\"async\" class=\"alignnone wp-image-1364 alignleft\" src=\"https:\/\/biskupijakrk.hr\/mahnic100\/wp-content\/uploads\/2020\/03\/IMG_0836.jpg\" alt=\"\" width=\"254\" height=\"191\" srcset=\"https:\/\/biskupijakrk.hr\/mahnic100\/wp-content\/uploads\/2020\/03\/IMG_0836.jpg 640w, https:\/\/biskupijakrk.hr\/mahnic100\/wp-content\/uploads\/2020\/03\/IMG_0836-300x225.jpg 300w\" sizes=\"auto, (max-width: 254px) 100vw, 254px\" \/><\/a><a href=\"https:\/\/biskupijakrk.hr\/mahnic100\/korizmena-hodocasca-dekanata-na-grob-sluge-bozjega-2020\/\"><span style=\"font-size: 14pt;\">Korizmena hodo\u010da\u0161\u0107a dekanta na grob Sluge Bo\u017ejega u 2020. godini<\/span><\/a><\/strong><\/p>\n<p>&nbsp;<\/p>\n<p>&nbsp;<\/p>\n<p>&nbsp;<\/p>\n<p>&nbsp;<\/p>\n<p><a href=\"https:\/\/biskupijakrk.hr\/mahnic100\/svecano-otvaranje-100-obljetnice-rodenja-za-nebo-sluge-bozjega-14-12-2019\/\"><img loading=\"lazy\" decoding=\"async\" class=\"alignnone wp-image-1049 alignleft\" src=\"https:\/\/biskupijakrk.hr\/mahnic100\/wp-content\/uploads\/2019\/12\/280-scaled.jpg\" alt=\"\" width=\"254\" height=\"169\" srcset=\"https:\/\/biskupijakrk.hr\/mahnic100\/wp-content\/uploads\/2019\/12\/280-scaled.jpg 2560w, https:\/\/biskupijakrk.hr\/mahnic100\/wp-content\/uploads\/2019\/12\/280-300x200.jpg 300w, https:\/\/biskupijakrk.hr\/mahnic100\/wp-content\/uploads\/2019\/12\/280-1024x683.jpg 1024w, https:\/\/biskupijakrk.hr\/mahnic100\/wp-content\/uploads\/2019\/12\/280-768x512.jpg 768w, https:\/\/biskupijakrk.hr\/mahnic100\/wp-content\/uploads\/2019\/12\/280-1536x1024.jpg 1536w, https:\/\/biskupijakrk.hr\/mahnic100\/wp-content\/uploads\/2019\/12\/280-2048x1365.jpg 2048w\" sizes=\"auto, (max-width: 254px) 100vw, 254px\" \/><\/a><a href=\"https:\/\/biskupijakrk.hr\/mahnic100\/svecano-otvaranje-100-obljetnice-rodenja-za-nebo-sluge-bozjega-14-12-2019\/\"><span style=\"font-size: 14pt;\"><strong>Sve\u010dano otvaranje 100. obljetnice ro\u0111enja za nebo sluge Bo\u017ejega<\/strong><\/span><\/a><\/p>\n<p><span style=\"color: #000000;\">14. prosinca 2019.<\/span><\/p>\n<p>&nbsp;<\/p>\n<p>&nbsp;<\/p>\n<p style=\"text-align: left;\"><a href=\"https:\/\/biskupijakrk.hr\/mahnic100\/wp-content\/uploads\/2019\/11\/Djeca_Mahnic-2019-21-scaled.jpg\" data-rel=\"lightbox-image-0\" data-rl_title=\"\" data-rl_caption=\"\" title=\"\"><img loading=\"lazy\" decoding=\"async\" class=\"alignleft wp-image-579\" src=\"https:\/\/biskupijakrk.hr\/mahnic100\/wp-content\/uploads\/2019\/11\/Djeca_Mahnic-2019-21-300x200.jpg\" alt=\"\" width=\"250\" height=\"167\" srcset=\"https:\/\/biskupijakrk.hr\/mahnic100\/wp-content\/uploads\/2019\/11\/Djeca_Mahnic-2019-21-300x200.jpg 300w, https:\/\/biskupijakrk.hr\/mahnic100\/wp-content\/uploads\/2019\/11\/Djeca_Mahnic-2019-21-1024x683.jpg 1024w, https:\/\/biskupijakrk.hr\/mahnic100\/wp-content\/uploads\/2019\/11\/Djeca_Mahnic-2019-21-768x512.jpg 768w, https:\/\/biskupijakrk.hr\/mahnic100\/wp-content\/uploads\/2019\/11\/Djeca_Mahnic-2019-21-1536x1024.jpg 1536w, https:\/\/biskupijakrk.hr\/mahnic100\/wp-content\/uploads\/2019\/11\/Djeca_Mahnic-2019-21-2048x1365.jpg 2048w\" sizes=\"auto, (max-width: 250px) 100vw, 250px\" \/><\/a><strong><a href=\"https:\/\/biskupijakrk.hr\/mahnic100\/hodocasce-djece-krcke-biskupije-na-grob-biskupa-mahnica\/\"><span style=\"font-size: 14pt;\">Hodo\u010da\u0161\u0107e djece Kr\u010dke biskupije na grob biskupa Mahni\u0107a<\/span><\/a><\/strong><\/p>\n<p style=\"text-align: justify;\"><span style=\"color: #000000;\">13. travnja 2019.<br \/>\n<\/span><\/p>\n<p>&nbsp;<\/p>\n<p>&nbsp;<\/p>\n<p style=\"text-align: left;\"><a href=\"https:\/\/biskupijakrk.hr\/mahnic100\/svecano-misno-slavlje-prigodom-98-obljetnice-smrti-sl-bozjega-biskupa-mahnica\/\"><img loading=\"lazy\" decoding=\"async\" class=\"alignleft wp-image-110\" src=\"https:\/\/biskupijakrk.hr\/mahnic100\/wp-content\/uploads\/2019\/11\/Mahnic-2018-8-300x225.jpg\" alt=\"\" width=\"250\" height=\"188\" srcset=\"https:\/\/biskupijakrk.hr\/mahnic100\/wp-content\/uploads\/2019\/11\/Mahnic-2018-8-300x225.jpg 300w, https:\/\/biskupijakrk.hr\/mahnic100\/wp-content\/uploads\/2019\/11\/Mahnic-2018-8-768x576.jpg 768w, https:\/\/biskupijakrk.hr\/mahnic100\/wp-content\/uploads\/2019\/11\/Mahnic-2018-8.jpg 900w\" sizes=\"auto, (max-width: 250px) 100vw, 250px\" \/><\/a><a href=\"https:\/\/biskupijakrk.hr\/mahnic100\/svecano-misno-slavlje-prigodom-98-obljetnice-smrti-sl-bozjega-biskupa-mahnica\/\"><strong><span style=\"font-size: 14pt;\">Sve\u010dano misno slavlje prigodom 98. obljetnice smrti sl. Bo\u017ejega biskupa Mahni\u0107a<\/span><\/strong><\/a><\/p>\n<p style=\"text-align: justify;\"><span style=\"color: #000000;\">14. prosinca 2018.<\/span><\/p>\n<p>&nbsp;<\/p>\n<p>&nbsp;<\/p>\n<p style=\"text-align: left;\"><a href=\"https:\/\/biskupijakrk.hr\/mahnic100\/hodocasce-djece-na-grob-sl-bozjega-biskupa-mahnica-i-predstavljanje-slikovnice-div-s-jadrana\/\"><img loading=\"lazy\" decoding=\"async\" class=\"alignleft wp-image-157\" src=\"https:\/\/biskupijakrk.hr\/mahnic100\/wp-content\/uploads\/2019\/11\/Djeca-Mahnicu-2018-30-300x230.jpg\" alt=\"\" width=\"250\" height=\"192\" srcset=\"https:\/\/biskupijakrk.hr\/mahnic100\/wp-content\/uploads\/2019\/11\/Djeca-Mahnicu-2018-30-300x230.jpg 300w, https:\/\/biskupijakrk.hr\/mahnic100\/wp-content\/uploads\/2019\/11\/Djeca-Mahnicu-2018-30-768x589.jpg 768w, https:\/\/biskupijakrk.hr\/mahnic100\/wp-content\/uploads\/2019\/11\/Djeca-Mahnicu-2018-30.jpg 900w\" sizes=\"auto, (max-width: 250px) 100vw, 250px\" \/><\/a><strong><a href=\"https:\/\/biskupijakrk.hr\/mahnic100\/hodocasce-djece-na-grob-sl-bozjega-biskupa-mahnica-i-predstavljanje-slikovnice-div-s-jadrana\/\"><span style=\"font-size: 14pt;\">Hodo\u010da\u0161\u0107e djece na grob sl. Bo\u017ejega biskupa Mahni\u0107a i predstavljanje slikovnice \u201cDiv s Jadrana\u201d<\/span><\/a><\/strong><\/p>\n<p style=\"text-align: justify;\"><span style=\"color: #000000;\">24. o\u017eujka 2018.<\/span><\/p>\n<p>&nbsp;<\/p>\n<p>&nbsp;<\/p>\n<p style=\"text-align: left;\"><a href=\"https:\/\/biskupijakrk.hr\/mahnic100\/obiljezavanje-97-obljetnice-smrti-sl-bozjega-biskupa-mahnica\/\"><img loading=\"lazy\" decoding=\"async\" class=\"alignleft wp-image-197\" src=\"https:\/\/biskupijakrk.hr\/mahnic100\/wp-content\/uploads\/2019\/11\/Mahnic-14-12-2017-23-300x225.jpg\" alt=\"\" width=\"250\" height=\"188\" srcset=\"https:\/\/biskupijakrk.hr\/mahnic100\/wp-content\/uploads\/2019\/11\/Mahnic-14-12-2017-23-300x225.jpg 300w, https:\/\/biskupijakrk.hr\/mahnic100\/wp-content\/uploads\/2019\/11\/Mahnic-14-12-2017-23-768x576.jpg 768w, https:\/\/biskupijakrk.hr\/mahnic100\/wp-content\/uploads\/2019\/11\/Mahnic-14-12-2017-23.jpg 1000w\" sizes=\"auto, (max-width: 250px) 100vw, 250px\" \/><\/a><a href=\"https:\/\/biskupijakrk.hr\/mahnic100\/obiljezavanje-97-obljetnice-smrti-sl-bozjega-biskupa-mahnica\/\"><strong><span style=\"font-size: 14pt;\">Mons. \u0110uro Hrani\u0107 predvodio obilje\u017eavanje 97. obljetnice smrti sl. Bo\u017ejega biskupa Mahni\u0107a<\/span><\/strong><\/a><\/p>\n<p style=\"text-align: justify;\"><span id=\"more-8007\"><\/span><span style=\"color: #000000;\">14. prosinca 2017.<br \/>\n<\/span><\/p>\n<p>&nbsp;<\/p>\n<p>&nbsp;<\/p>\n<p style=\"text-align: left;\"><a href=\"https:\/\/biskupijakrk.hr\/mahnic100\/u-zagrebu-postavljena-spomen-ploca-slugi-bozjem-antunu-mahnicu\/\"><img loading=\"lazy\" decoding=\"async\" class=\"alignleft wp-image-210\" src=\"https:\/\/biskupijakrk.hr\/mahnic100\/wp-content\/uploads\/2019\/11\/Spomen-ploca-Mahnicu-23-300x200.jpg\" alt=\"\" width=\"250\" height=\"167\" srcset=\"https:\/\/biskupijakrk.hr\/mahnic100\/wp-content\/uploads\/2019\/11\/Spomen-ploca-Mahnicu-23-300x200.jpg 300w, https:\/\/biskupijakrk.hr\/mahnic100\/wp-content\/uploads\/2019\/11\/Spomen-ploca-Mahnicu-23-768x512.jpg 768w, https:\/\/biskupijakrk.hr\/mahnic100\/wp-content\/uploads\/2019\/11\/Spomen-ploca-Mahnicu-23.jpg 1000w\" sizes=\"auto, (max-width: 250px) 100vw, 250px\" \/><\/a><strong><span style=\"font-size: 14pt;\"><a href=\"https:\/\/biskupijakrk.hr\/mahnic100\/u-zagrebu-postavljena-spomen-ploca-slugi-bozjem-antunu-mahnicu\/\">U Zagrebu postavljena spomen-plo\u010da slugi Bo\u017ejem Antunu Mahni\u0107u<\/a><\/span><\/strong><\/p>\n<p><span style=\"color: #000000;\">3. prosinca 2017.<br \/>\n<\/span><\/p>\n<p>&nbsp;<\/p>\n<p>&nbsp;<\/p>\n<p style=\"text-align: left;\"><a href=\"https:\/\/biskupijakrk.hr\/mahnic100\/120-obljetnica-ustolicenja-sluge-bozjega-antuna-mahnica\/\"><img loading=\"lazy\" decoding=\"async\" class=\"alignleft wp-image-264\" src=\"https:\/\/biskupijakrk.hr\/mahnic100\/wp-content\/uploads\/2019\/11\/IMG_1664-300x225.jpg\" alt=\"\" width=\"250\" height=\"188\" srcset=\"https:\/\/biskupijakrk.hr\/mahnic100\/wp-content\/uploads\/2019\/11\/IMG_1664-300x225.jpg 300w, https:\/\/biskupijakrk.hr\/mahnic100\/wp-content\/uploads\/2019\/11\/IMG_1664-768x576.jpg 768w, https:\/\/biskupijakrk.hr\/mahnic100\/wp-content\/uploads\/2019\/11\/IMG_1664.jpg 1024w\" sizes=\"auto, (max-width: 250px) 100vw, 250px\" \/><\/a><strong><span style=\"font-size: 14pt;\"><a href=\"https:\/\/biskupijakrk.hr\/mahnic100\/120-obljetnica-ustolicenja-sluge-bozjega-antuna-mahnica\/\">120. obljetnica ustoli\u010denja sluge Bo\u017ejega Antuna Mahni\u0107a<\/a><\/span><\/strong><\/p>\n<p><span style=\"color: #000000;\">14. svibnja 2017.<\/span><\/p>\n<p>&nbsp;<\/p>\n<p>&nbsp;<\/p>\n<p>&nbsp;<\/p>\n<p style=\"text-align: center;\"><span style=\"font-family: book antiqua, palatino, serif; font-size: 14pt;\"><em><br \/>\n<\/em><\/span><!--nextpage--><\/p>\n<p style=\"text-align: left;\"><a href=\"https:\/\/biskupijakrk.hr\/mahnic100\/15-hodocasce-djece-na-grob-biskupa-mahnica\/\"><img loading=\"lazy\" decoding=\"async\" class=\"alignleft wp-image-280\" src=\"https:\/\/biskupijakrk.hr\/mahnic100\/wp-content\/uploads\/2019\/11\/Hodocasce-djece-b-Mahnicu-2017-14-300x225.jpg\" alt=\"\" width=\"250\" height=\"188\" srcset=\"https:\/\/biskupijakrk.hr\/mahnic100\/wp-content\/uploads\/2019\/11\/Hodocasce-djece-b-Mahnicu-2017-14-300x225.jpg 300w, https:\/\/biskupijakrk.hr\/mahnic100\/wp-content\/uploads\/2019\/11\/Hodocasce-djece-b-Mahnicu-2017-14-768x576.jpg 768w, https:\/\/biskupijakrk.hr\/mahnic100\/wp-content\/uploads\/2019\/11\/Hodocasce-djece-b-Mahnicu-2017-14.jpg 1000w\" sizes=\"auto, (max-width: 250px) 100vw, 250px\" \/><\/a><a href=\"https:\/\/biskupijakrk.hr\/mahnic100\/15-hodocasce-djece-na-grob-biskupa-mahnica\/\"><span style=\"font-size: 14pt;\">15. hodo\u010da\u0161\u0107e djece na grob biskupa Mahni\u0107a<\/span><\/a><\/p>\n<p><span style=\"color: #000000;\">8. travnja 2017<\/span><\/p>\n<p>&nbsp;<\/p>\n<p>&nbsp;<\/p>\n<p>&nbsp;<\/p>\n<p><span style=\"color: #000000;\"><a href=\"https:\/\/biskupijakrk.hr\/mahnic100\/wp-content\/uploads\/2019\/11\/Mahnic-2016-4.jpg\" data-rel=\"lightbox-image-1\" data-rl_title=\"\" data-rl_caption=\"\" title=\"\"><img loading=\"lazy\" decoding=\"async\" class=\"alignleft wp-image-297\" src=\"https:\/\/biskupijakrk.hr\/mahnic100\/wp-content\/uploads\/2019\/11\/Mahnic-2016-4-300x225.jpg\" alt=\"\" width=\"250\" height=\"188\" srcset=\"https:\/\/biskupijakrk.hr\/mahnic100\/wp-content\/uploads\/2019\/11\/Mahnic-2016-4-300x225.jpg 300w, https:\/\/biskupijakrk.hr\/mahnic100\/wp-content\/uploads\/2019\/11\/Mahnic-2016-4-768x576.jpg 768w, https:\/\/biskupijakrk.hr\/mahnic100\/wp-content\/uploads\/2019\/11\/Mahnic-2016-4.jpg 1024w\" sizes=\"auto, (max-width: 250px) 100vw, 250px\" \/><\/a><\/span><strong><a href=\"https:\/\/biskupijakrk.hr\/mahnic100\/obiljezen-dan-sluge-bozjega-antuna-mahnica-2016\/\"><span style=\"font-size: 14pt;\">Obilje\u017een dan sluge Bo\u017ejega Antuna Mahni\u0107a 2016.<\/span><\/a><\/strong><\/p>\n<p><span style=\"color: #000000;\">14. prosinca 2016.<\/span><\/p>\n<p>&nbsp;<\/p>\n<p>&nbsp;<\/p>\n<p>&nbsp;<\/p>\n<p><a href=\"https:\/\/biskupijakrk.hr\/mahnic100\/wp-content\/uploads\/2019\/11\/IMG_5114.jpg\" data-rel=\"lightbox-image-2\" data-rl_title=\"\" data-rl_caption=\"\" title=\"\"><img loading=\"lazy\" decoding=\"async\" class=\"alignleft wp-image-322\" src=\"https:\/\/biskupijakrk.hr\/mahnic100\/wp-content\/uploads\/2019\/11\/IMG_5114-300x225.jpg\" alt=\"\" width=\"250\" height=\"188\" srcset=\"https:\/\/biskupijakrk.hr\/mahnic100\/wp-content\/uploads\/2019\/11\/IMG_5114-300x225.jpg 300w, https:\/\/biskupijakrk.hr\/mahnic100\/wp-content\/uploads\/2019\/11\/IMG_5114-768x576.jpg 768w, https:\/\/biskupijakrk.hr\/mahnic100\/wp-content\/uploads\/2019\/11\/IMG_5114.jpg 900w\" sizes=\"auto, (max-width: 250px) 100vw, 250px\" \/><\/a><a href=\"https:\/\/biskupijakrk.hr\/mahnic100\/u-godini-milosrda-obiljezena-95-obljetnica-smrti-sluge-bozjega-antuna-mahnica\/\"><span style=\"font-size: 14pt;\"><strong>U Godini milosr\u0111a obilje\u017eena 95. obljetnica smrti sluge Bo\u017ejega Antuna Mahni\u0107a<\/strong><\/span><\/a><\/p>\n<p><span style=\"color: #000000;\">14. prosinca 2015.<\/span><\/p>\n<p>&nbsp;<\/p>\n<p>&nbsp;<\/p>\n","protected":false},"excerpt":{"rendered":"<p>&nbsp; Korizmena hodo&#269;a&scaron;&#263;a dekanta na grob Sluge Bo&#382;jega u 2020. godini &nbsp; &nbsp; &nbsp; &nbsp; Sve&#269;ano otvaranje 100. obljetnice ro&#273;enja za nebo sluge Bo&#382;jega 14. prosinca 2019. &nbsp; &nbsp; Hodo&#269;a&scaron;&#263;e djece Kr&#269;ke biskupije na grob biskupa Mahni&#263;a 13. travnja 2019. &nbsp; &nbsp; Sve&#269;ano misno slavlje prigodom 98. obljetnice smrti sl. Bo&#382;jega biskupa Mahni&#263;a 14. prosinca <a class=\"more-link\" href=\"https:\/\/biskupijakrk.hr\/mahnic100\/fotogalerije\/\">Read More &#8230;<\/a><\/p>\n","protected":false},"author":1,"featured_media":653,"parent":0,"menu_order":0,"comment_status":"closed","ping_status":"closed","template":"","meta":{"footnotes":""},"class_list":["post-408","page","type-page","status-publish","has-post-thumbnail","hentry"],"_links":{"self":[{"href":"https:\/\/biskupijakrk.hr\/mahnic100\/wp-json\/wp\/v2\/pages\/408","targetHints":{"allow":["GET"]}}],"collection":[{"href":"https:\/\/biskupijakrk.hr\/mahnic100\/wp-json\/wp\/v2\/pages"}],"about":[{"href":"https:\/\/biskupijakrk.hr\/mahnic100\/wp-json\/wp\/v2\/types\/page"}],"author":[{"embeddable":true,"href":"https:\/\/biskupijakrk.hr\/mahnic100\/wp-json\/wp\/v2\/users\/1"}],"replies":[{"embeddable":true,"href":"https:\/\/biskupijakrk.hr\/mahnic100\/wp-json\/wp\/v2\/comments?post=408"}],"version-history":[{"count":44,"href":"https:\/\/biskupijakrk.hr\/mahnic100\/wp-json\/wp\/v2\/pages\/408\/revisions"}],"predecessor-version":[{"id":1518,"href":"https:\/\/biskupijakrk.hr\/mahnic100\/wp-json\/wp\/v2\/pages\/408\/revisions\/1518"}],"wp:featuredmedia":[{"embeddable":true,"href":"https:\/\/biskupijakrk.hr\/mahnic100\/wp-json\/wp\/v2\/media\/653"}],"wp:attachment":[{"href":"https:\/\/biskupijakrk.hr\/mahnic100\/wp-json\/wp\/v2\/media?parent=408"}],"curies":[{"name":"wp","href":"https:\/\/api.w.org\/{rel}","templated":true}]}}