{"id":721,"date":"2019-12-03T08:58:08","date_gmt":"2019-12-03T07:58:08","guid":{"rendered":"https:\/\/biskupijakrk.hr\/mahnic100\/?page_id=721"},"modified":"2019-12-03T13:36:31","modified_gmt":"2019-12-03T12:36:31","slug":"fond-sluga-bozji-biskup-antun-mahnic","status":"publish","type":"page","link":"https:\/\/biskupijakrk.hr\/mahnic100\/fond-sluga-bozji-biskup-antun-mahnic\/","title":{"rendered":"Fond Sluga Bo\u017eji biskup Antun Mahni\u0107"},"content":{"rendered":"<p style=\"text-align: center;\"><!--more--><span style=\"font-size: 14pt;\"><strong>Fond za pomo\u0107 u\u010denicima i studentima<\/strong><\/span><\/p>\n<p style=\"text-align: justify;\"><span style=\"font-size: 12pt;\">U vremenu u kojem \u017eivimo sve je vi\u0161e onih obitelji koje s velikim te\u0161ko\u0107ama \u0161koluju svoju djecu jer su im primanja nedostatna. Sve vi\u0161e njih javlja se Caritasu\u00a0 za pomo\u0107, a Caritas biskupije Krk ve\u0107 niz godina poma\u017ee te obitelji.<\/span><\/p>\n<p style=\"text-align: justify;\"><span style=\"font-size: 12pt;\">Svjesni neumornog zalaganja sluge Bo\u017ejega za bli\u017enje, posebno mlade, \u017eeli se i na ovaj na\u010din nastaviti s njegovim zalaganjem oslu\u0161kuju\u0107i njegove misli koje jednako i nas danas pozivlju da se brinemo za pomladak: <em>Radite ovako ozbiljno i svojski, pak \u0107e doskora na\u0161a domovina do\u017eivjeti svoju kr\u0161\u0107ansku renesansu, jer \u0107e u kratko vrijeme dobiti dobre vo\u0111e po srcu Bo\u017ejem.<\/em> (Antun Mahni\u0107,1920.)<\/span><\/p>\n<p style=\"text-align: justify;\"><span style=\"font-size: 12pt;\">Upravo zato \u0161to je sluga Bo\u017eji bio karitativno i socijalno vrlo zauzet, te je u svojim projektima podupirao obitelji, u\u010denike i studente, kr\u010dki biskup Valter \u017dupan odobrio je da se ovaj ve\u0107 postoje\u0107i fond biskupijskog Caritasa naziva imenom: <em>Sluga Bo\u017eji biskup Antun Mahni\u0107.<\/em><\/span><\/p>\n<p style=\"text-align: justify;\"><span style=\"font-size: 12pt;\">Sve darovatelje i podupiratelje ovog Fonda, koji \u0107e promicati Mahni\u0107evu zalo\u017eenost za dobrobit mladih, neka Gospodin obilno blagoslovi!<\/span><\/p>\n<p>Svoj dar za Fond mo\u017eete uplatiti:<\/p>\n<p><strong>Biskupija Krk &#8211; za fond\u00a0<\/strong><br \/>\n<strong>Biskupa A. Mahni\u0107a 18, Krk<\/strong><br \/>\n<strong>HR9523400091511033382<\/strong><\/p>\n<p>&nbsp;<\/p>\n<p style=\"text-align: right;\"><span style=\"font-size: 12pt;\">\u00a0<\/span><\/p>\n","protected":false},"excerpt":{"rendered":"","protected":false},"author":1,"featured_media":0,"parent":0,"menu_order":0,"comment_status":"closed","ping_status":"closed","template":"","meta":{"footnotes":""},"class_list":["post-721","page","type-page","status-publish","hentry"],"_links":{"self":[{"href":"https:\/\/biskupijakrk.hr\/mahnic100\/wp-json\/wp\/v2\/pages\/721","targetHints":{"allow":["GET"]}}],"collection":[{"href":"https:\/\/biskupijakrk.hr\/mahnic100\/wp-json\/wp\/v2\/pages"}],"about":[{"href":"https:\/\/biskupijakrk.hr\/mahnic100\/wp-json\/wp\/v2\/types\/page"}],"author":[{"embeddable":true,"href":"https:\/\/biskupijakrk.hr\/mahnic100\/wp-json\/wp\/v2\/users\/1"}],"replies":[{"embeddable":true,"href":"https:\/\/biskupijakrk.hr\/mahnic100\/wp-json\/wp\/v2\/comments?post=721"}],"version-history":[{"count":5,"href":"https:\/\/biskupijakrk.hr\/mahnic100\/wp-json\/wp\/v2\/pages\/721\/revisions"}],"predecessor-version":[{"id":733,"href":"https:\/\/biskupijakrk.hr\/mahnic100\/wp-json\/wp\/v2\/pages\/721\/revisions\/733"}],"wp:attachment":[{"href":"https:\/\/biskupijakrk.hr\/mahnic100\/wp-json\/wp\/v2\/media?parent=721"}],"curies":[{"name":"wp","href":"https:\/\/api.w.org\/{rel}","templated":true}]}}